{"id":3425,"date":"2007-11-06T11:51:00","date_gmt":"2007-11-06T10:51:00","guid":{"rendered":"http:\/\/goerdeler.lspb.de\/wordpress\/berufsorientierungswoche-bow\/"},"modified":"2026-03-21T09:57:18","modified_gmt":"2026-03-21T08:57:18","slug":"berufsorientierungswoche","status":"publish","type":"page","link":"https:\/\/goerdeler.lspb.de\/wordpress\/unsere-schule\/berufsorientierungswoche\/","title":{"rendered":"Studien- und Berufsorientierung"},"content":{"rendered":"\n<p><br>Die Studien- und Berufsorientierung unterst\u00fctzt unsere Sch\u00fcler:innen dabei, fr\u00fchzeitig eigene St\u00e4rken zu entdecken und eine fundierte Entscheidung f\u00fcr ihren weiteren Bildungs- und Berufsweg zu treffen. Ziel ist es, Orientierung zu geben, Perspektiven zu er\u00f6ffnen und den \u00dcbergang von der Schule in Studium, Ausbildung oder andere Bildungswege gut vorzubereiten. Als Gymnasium in Nordrhein-Westfalen setzen wir das Landesprogramm <strong>KAoA \u2013 \u201eKein Abschluss ohne Anschluss\u201c<\/strong> um. KAoA sorgt daf\u00fcr, dass alle Sch\u00fcler:innen ab der Jahrgangsstufe 8 eine systematische und verbindliche Berufs- und Studienorientierung durchlaufen. Dazu geh\u00f6ren unter anderem das Einstiegsinstrument ESI, mehrere eint\u00e4gige Berufsfelderkundungen (Praktikumstage), mehrw\u00f6chige Praktika sowie Informations- und Beratungsangebote.<br><\/p>\n\n\n\n<figure class=\"wp-block-image size-large\"><a href=\"https:\/\/goerdeler.lspb.de\/wordpress\/wp-content\/uploads\/Stubo_2026.jpg\"><img loading=\"lazy\" decoding=\"async\" width=\"917\" height=\"1024\" src=\"https:\/\/goerdeler.lspb.de\/wordpress\/wp-content\/uploads\/Stubo_2026-917x1024.jpg\" alt=\"\" class=\"wp-image-19399\" srcset=\"https:\/\/goerdeler.lspb.de\/wordpress\/wp-content\/uploads\/Stubo_2026-917x1024.jpg 917w, https:\/\/goerdeler.lspb.de\/wordpress\/wp-content\/uploads\/Stubo_2026-269x300.jpg 269w, https:\/\/goerdeler.lspb.de\/wordpress\/wp-content\/uploads\/Stubo_2026-768x858.jpg 768w, https:\/\/goerdeler.lspb.de\/wordpress\/wp-content\/uploads\/Stubo_2026-1375x1536.jpg 1375w, https:\/\/goerdeler.lspb.de\/wordpress\/wp-content\/uploads\/Stubo_2026-1834x2048.jpg 1834w\" sizes=\"(max-width: 917px) 100vw, 917px\" \/><\/a><\/figure>\n\n\n\n<p><br>\u00dcber alle Ma\u00dfnahmen wird rechtzeitig auf den Elternabenden, in Elternbriefen und in den Jahrgangsstufen pers\u00f6nlich informiert. In StuBo-Teams der jeweiligen Jahrgangsstufen gibt zu zus\u00e4tzliche Informationen.<\/p>\n\n\n\n<p>F\u00fcr die Studien- und Berufsorientierung in der Sekundarstufe I sind Herr <a href=\"mailto:fbayerl1@lspb.de\"><strong>Bayerle<\/strong><\/a> &nbsp;und Frau <a href=\"mailto:edohman1@lspb.de\"><strong>Dohmann<\/strong><\/a> zust\u00e4ndig. In der Sekundarstufe II wird dieser Bereich von Frau <a href=\"mailto:akemper2@lspb.de\"><strong>Kemper<\/strong><\/a> begleitet.<br>Das StuBo-Team ist jederzeit \u00fcber Microsoft Teams oder \u00fcber die angegebenen E-Mail-Adressen erreichbar.<br><\/p>\n\n\n\n<h2 class=\"wp-block-heading\"><strong>Berufsberatung von der Agentur f\u00fcr Arbeit am Goerdeler<\/strong><\/h2>\n\n\n\n<p>Du wei\u00dft noch nicht genau, wie es nach der Schule weitergehen soll? Oder hast du schon eine Idee, aber viele offene Fragen? Unsere Berufsberaterin <strong>Frau Stier<\/strong> &nbsp;von der Agentur f\u00fcr Arbeit unterst\u00fctzt dich am Goerdeler Gymnasium dabei, deinen eigenen Weg zu finden.<\/p>\n\n\n\n<p>Egal ob du dich z.B. \u00fcber berufliche M\u00f6glichkeiten informieren m\u00f6chtest, auf der Suche nach einem Praktikum, Ausbildungsplatz oder (dualem) Studienplatz bist, Hilfe bei der Bewerbung ben\u00f6tigst \u2013 hier bekommst du kompetente und individuelle Unterst\u00fctzung.&nbsp;<br><br><strong>Frau Stier<\/strong>&nbsp; steht im aktuellen 2. Halbjahr am Donnerstagvormittag im Raum<strong>&nbsp;B1.36&nbsp;(BOB) <\/strong>f\u00fcr Beratungsgespr\u00e4che zur Verf\u00fcgung. Diese k\u00f6nnen auf dem Aushang vor dem Raum reserviert oder pers\u00f6nlich mit ihr vereinbart werden.<br><br>N\u00e4here Informationen sind unter&nbsp;<a href=\"https:\/\/www.arbeitsagentur.de\/vor-ort\/detmold-paderborn\/goerdeler-gymnasium-paderborn\" target=\"_blank\" rel=\"noreferrer noopener\">https:\/\/www.arbeitsagentur.de\/vor-ort\/detmold-paderborn\/goerdeler-gymnasium-paderborn<\/a>&nbsp;zu finden.<br><br><\/p>\n\n\n\n<h2 class=\"wp-block-heading\"><strong>H\u00e4ufige Fragen (FAQ)<\/strong><\/h2>\n\n\n\n<p><strong>1. Ich habe ein Dokument, das bereits ausgeteilt wurde verloren (z.B. das Formular zur Praktikumsbest\u00e4tigung). Was soll ich tun?<\/strong><br>Kein Problem: Alle wichtigen Unterlagen findest du im StuBo-Team deiner Jahrgangsstufe bei Microsoft Teams. Dort kannst du die Dokumente jederzeit herunterladen und bei Bedarf erneut ausdrucken. Du findest hier alle wichtigen Unterlagen, zus\u00e4tzliche Informationen und Angebote.&nbsp;Reinschauen lohnt sich also!<br><br><strong>2. Gibt es Tipps wie ich einen Praktikumsplatz finde?<\/strong><br>\u00dcberlege zuerst, welche Berufsfelder dich interessieren! Schau dann im Internet nach, welche Betriebe oder Einrichtungen diese Berufsfelder in deiner Umgebung anbieten. Oft ist es hilfreich, zun\u00e4chst im famili\u00e4ren Umfeld oder im Bekanntenkreis nachzufragen \u2013 hier finden sich erfahrungsgem\u00e4\u00df h\u00e4ufig Praktikumsstellen. Vielleicht hast du auch schon eine konkrete Idee, zum Beispiel die Kita aus deiner Kindheit, die Werkstatt deiner Eltern, der Tierarzt deines Haustiers, etc.<br>Bei der Suche kann auch die Plattform <strong>Connect<\/strong> (Berufseinstiegsplattform der Stadt Paderborn, siehe Links) helfen. Im September findet au\u00dferdem die <strong>Berufemesse Connect<\/strong> in Paderborn statt \u2013 eine gute Gelegenheit, sich zu orientieren, Kontakte zu kn\u00fcpfen und m\u00f6glicherweise direkt einen Praktikumsplatz zu vereinbaren.<\/p>\n\n\n\n<p>F\u00fcr Praktikumstage am <strong>Girls\u2019 Day<\/strong> und <strong>Boys\u2019 Day<\/strong> empfehlen wir die jeweiligen Homepages. Dort findest du unter \u201eRadar\u201c ab etwa Ende des Jahres Angebote f\u00fcr Praktikumsstellen in Unternehmen, Universit\u00e4ten und anderen Einrichtungen. Erfahrungsgem\u00e4\u00df sind diese Tage gut organisiert und betreut. Auch f\u00fcr das <strong>zweiw\u00f6chige Praktikum in der Klasse 10<\/strong> sowie <strong>die einw\u00f6chigen Praxistage in der Q1<\/strong> &nbsp;lohnt es sich, hier einen \u00dcberblick zu bekommen, welche M\u00f6glichkeiten es in der Region gibt.<br>Wichtig ist, dass du dich<strong>fr\u00fchzeitig<\/strong> bewirbst! Kalkuliere mit ein, dass es auch einmal eine Absage geben kann und du dich dann erneut woanders bewerben musst!<\/p>\n\n\n\n<p><strong>3. Ich habe gemeinsam mit meinen Eltern intensiv nach einem Praktikumsplatz gesucht \u2013 leider ohne Erfolg. Was kann ich tun?<\/strong><br>Es ist v\u00f6llig normal, dass es manchmal Absagen gibt. Kopf hoch und versuche es einfach bei einem anderen Betrieb o.\u00e4. noch einmal.<br>Wenn es trotz deiner Bem\u00fchungen weiterhin Schwierigkeiten gibt, melde dich bitte rechtzeitig vor den Abgabeterminen bei deiner Klassenleitung oder beim Berufsberatungsteam. Sie k\u00f6nnen dich unterst\u00fctzen und dich bei Bedarf an unsere Berufsberaterin weiterleiten, die dir zus\u00e4tzliche Tipps und Hilfen geben kann.<\/p>\n\n\n\n<p><strong>4. Wo kann ich noch nachsehen, wenn ich weitere Fragen zum Praktikum habe (z.B. was mache ich, wenn ich krank werde?, Versicherungs- und Jugendschutz w\u00e4hrend des Praktikums, Bezahlung w\u00e4hrend des Praktikums\u2026).<\/strong><br>Schau daf\u00fcr einfach in unser StuBo-Teams. Hier findest du ein Merkblatt zu vielen Themen rund um das Praktikum. Auch im Elternbrief kannst du viele Sachen noch einmal nachlesen. Solltest du weitere Fragen haben, melde dich bitte bei der Fachlehrkraft, die dein Praktikum begleitet oder bei deinem StuBo-Team.<\/p>\n\n\n\n<h2 class=\"wp-block-heading\"><strong>Hilfreiche Links<\/strong><\/h2>\n\n\n\n<p><a href=\"https:\/\/www.connect-pb.de\">Connect f\u00fcr den Kreis Paderborn <\/a><\/p>\n\n\n\n<p><a href=\"https:\/\/www.girls-day.de\/\">Home | Girls&#8217;Day<\/a><\/p>\n\n\n\n<p><a href=\"https:\/\/www.boys-day.de\/\">Home | Boys&#8217;Day<\/a><\/p>\n\n\n\n<p><a href=\"https:\/\/www.arbeitsagentur.de\/bildung\">meinBERUF | Bundesagentur f\u00fcr Arbeit<\/a><br><br><a href=\"https:\/\/www.arbeitsagentur.de\/vor-ort\/detmold-paderborn\/goerdeler-gymnasium-paderborn\">Goerdeler_Beratung_Bundesagentur f\u00fcr Arbeit<\/a><\/p>\n\n\n\n<p><a href=\"https:\/\/www.ihk.de\/\">Startseite &#8211; Industrie- und Handelskammer<\/a><\/p>\n\n\n\n<p><a href=\"https:\/\/www.fhdw.de\/paderborn\">Studium am Campus Paderborn &#8211; Fachhochschule der Wirtschaft<\/a><\/p>\n\n\n\n<p><a href=\"https:\/\/www.uni-paderborn.de\/\">Universit\u00e4t Paderborn<\/a><\/p>\n\n\n\n<p><a href=\"https:\/\/zsb.uni-paderborn.de\/\">Zentrale Studienberatung (ZSB) | Universit\u00e4t Paderborn<\/a><\/p>\n\n\n\n<p><a href=\"https:\/\/www.ub.uni-paderborn.de\/\">Universit\u00e4tsbibliothek | Universit\u00e4t Paderborn<\/a><br><\/p>\n\n\n\n<h2 class=\"wp-block-heading\"><strong>Veranstaltungen und Ereignisse<\/strong><\/h2>\n\n\n<div class=\"wp-block-themeisle-blocks-posts-grid\" id=\"wp-block-themeisle-blocks-posts-grid-4a68ffaa\"><div class=\"is-list\"><div class=\"o-posts-grid-post-blog o-posts-grid-post-plain\"><div class=\"o-posts-grid-post\"><div class=\"o-posts-grid-post-image\"><a href=\"https:\/\/goerdeler.lspb.de\/wordpress\/schuelerinnen-der-ef-erkunden-die-kreisverwaltung-paderborn-als-modernen-arbeitgeber\/\"><img loading=\"lazy\" decoding=\"async\" width=\"900\" height=\"675\" src=\"https:\/\/goerdeler.lspb.de\/wordpress\/wp-content\/uploads\/Exkursion_Kreishaus_01.jpg\" class=\"attachment-full size-full\" alt=\"Sch\u00fcler:innen der EF erkunden die Kreisverwaltung Paderborn als modernen Arbeitgeber\" srcset=\"https:\/\/goerdeler.lspb.de\/wordpress\/wp-content\/uploads\/Exkursion_Kreishaus_01.jpg 900w, https:\/\/goerdeler.lspb.de\/wordpress\/wp-content\/uploads\/Exkursion_Kreishaus_01-300x225.jpg 300w, https:\/\/goerdeler.lspb.de\/wordpress\/wp-content\/uploads\/Exkursion_Kreishaus_01-768x576.jpg 768w, https:\/\/goerdeler.lspb.de\/wordpress\/wp-content\/uploads\/Exkursion_Kreishaus_01-585x440.jpg 585w, https:\/\/goerdeler.lspb.de\/wordpress\/wp-content\/uploads\/Exkursion_Kreishaus_01-230x172.jpg 230w\" sizes=\"(max-width: 900px) 100vw, 900px\" \/><\/a><\/div><div class=\"o-posts-grid-post-body\"><h4 class=\"o-posts-grid-post-title\"><a href=\"https:\/\/goerdeler.lspb.de\/wordpress\/schuelerinnen-der-ef-erkunden-die-kreisverwaltung-paderborn-als-modernen-arbeitgeber\/\">Sch\u00fcler:innen der EF erkunden die Kreisverwaltung Paderborn als modernen Arbeitgeber<\/a><\/h4><div class=\"o-posts-grid-post-description\"><p>Im Rahmen einer dualen und praxisnahen Exkursion besuchten interessierte Sch\u00fcler:innen der Jahrgangsstufe EF des Goerdeler-Gymnasiums den Kreis Paderborn, um einen Einblick in die Arbeit einer modernen Kreisverwaltung sowie m\u00f6gliche berufliche Perspe\u2026<\/p><\/div><\/div><\/div><\/div><div class=\"o-posts-grid-post-blog o-posts-grid-post-plain\"><div class=\"o-posts-grid-post\"><div class=\"o-posts-grid-post-image\"><a href=\"https:\/\/goerdeler.lspb.de\/wordpress\/exkursion-des-ef-chemiekurses-zum-department-chemie-der-universitaet-paderborn\/\"><img loading=\"lazy\" decoding=\"async\" width=\"900\" height=\"675\" src=\"https:\/\/goerdeler.lspb.de\/wordpress\/wp-content\/uploads\/Chemie_01.jpg\" class=\"attachment-full size-full\" alt=\"Exkursion des EF-Chemiekurses zum Department Chemie der Universit\u00e4t Paderborn\" srcset=\"https:\/\/goerdeler.lspb.de\/wordpress\/wp-content\/uploads\/Chemie_01.jpg 900w, https:\/\/goerdeler.lspb.de\/wordpress\/wp-content\/uploads\/Chemie_01-300x225.jpg 300w, https:\/\/goerdeler.lspb.de\/wordpress\/wp-content\/uploads\/Chemie_01-768x576.jpg 768w, https:\/\/goerdeler.lspb.de\/wordpress\/wp-content\/uploads\/Chemie_01-585x440.jpg 585w, https:\/\/goerdeler.lspb.de\/wordpress\/wp-content\/uploads\/Chemie_01-230x172.jpg 230w\" sizes=\"(max-width: 900px) 100vw, 900px\" \/><\/a><\/div><div class=\"o-posts-grid-post-body\"><h4 class=\"o-posts-grid-post-title\"><a href=\"https:\/\/goerdeler.lspb.de\/wordpress\/exkursion-des-ef-chemiekurses-zum-department-chemie-der-universitaet-paderborn\/\">Exkursion des EF-Chemiekurses zum Department Chemie der Universit\u00e4t Paderborn<\/a><\/h4><div class=\"o-posts-grid-post-description\"><p>Der Chemiekurs der Einf\u00fchrungsphase von Frau Kemper besuchte das Department Chemie der Universit\u00e4t Paderborn. Ziel der Exkursion vor den Osterferien war es, die naturwissenschaftlichen Arbeitsbereiche und Labore der Universit\u00e4t kennenzulernen, einen \u2026<\/p><\/div><\/div><\/div><\/div><div class=\"o-posts-grid-post-blog o-posts-grid-post-plain\"><div class=\"o-posts-grid-post\"><div class=\"o-posts-grid-post-image\"><a href=\"https:\/\/goerdeler.lspb.de\/wordpress\/wege-nach-dem-abitur-jobinfotag-zeigt-der-q1-perspektiven-auf\/\"><img loading=\"lazy\" decoding=\"async\" width=\"900\" height=\"675\" src=\"https:\/\/goerdeler.lspb.de\/wordpress\/wp-content\/uploads\/2026-03-24_Jobinfo_1.jpeg\" class=\"attachment-full size-full\" alt=\"\u201eWege nach dem Abitur\u201c \u2013 Jobinfotag zeigt Perspektiven auf\" srcset=\"https:\/\/goerdeler.lspb.de\/wordpress\/wp-content\/uploads\/2026-03-24_Jobinfo_1.jpeg 900w, https:\/\/goerdeler.lspb.de\/wordpress\/wp-content\/uploads\/2026-03-24_Jobinfo_1-300x225.jpeg 300w, https:\/\/goerdeler.lspb.de\/wordpress\/wp-content\/uploads\/2026-03-24_Jobinfo_1-768x576.jpeg 768w, https:\/\/goerdeler.lspb.de\/wordpress\/wp-content\/uploads\/2026-03-24_Jobinfo_1-585x440.jpeg 585w, https:\/\/goerdeler.lspb.de\/wordpress\/wp-content\/uploads\/2026-03-24_Jobinfo_1-230x172.jpeg 230w\" sizes=\"(max-width: 900px) 100vw, 900px\" \/><\/a><\/div><div class=\"o-posts-grid-post-body\"><h4 class=\"o-posts-grid-post-title\"><a href=\"https:\/\/goerdeler.lspb.de\/wordpress\/wege-nach-dem-abitur-jobinfotag-zeigt-der-q1-perspektiven-auf\/\">\u201eWege nach dem Abitur\u201c \u2013 Jobinfotag zeigt Perspektiven auf<\/a><\/h4><div class=\"o-posts-grid-post-description\"><p>Am 24. M\u00e4rz 2026 fand der diesj\u00e4hrige Jobinfotag \u201eWege nach dem Abitur\u201c f\u00fcr die Sch\u00fcler:innen der Jahrgangsstufe Q1 statt. In mehreren aufeinander abgestimmten Workshopphasen hatten die Teilnehmenden die M\u00f6glichkeit, sich umfassend \u00fcber verschiedene \u2026<\/p><\/div><\/div><\/div><\/div><div class=\"o-posts-grid-post-blog o-posts-grid-post-plain\"><div class=\"o-posts-grid-post\"><div class=\"o-posts-grid-post-image\"><a href=\"https:\/\/goerdeler.lspb.de\/wordpress\/karrieretag-fuer-den-buendelungsjahrgang\/\"><img loading=\"lazy\" decoding=\"async\" width=\"900\" height=\"675\" src=\"https:\/\/goerdeler.lspb.de\/wordpress\/wp-content\/uploads\/Karriertag_1_.jpg\" class=\"attachment-full size-full\" alt=\"Karrieretag\u00a0f\u00fcr den\u00a0B\u00fcndelungsjahrgang\" srcset=\"https:\/\/goerdeler.lspb.de\/wordpress\/wp-content\/uploads\/Karriertag_1_.jpg 900w, https:\/\/goerdeler.lspb.de\/wordpress\/wp-content\/uploads\/Karriertag_1_-300x225.jpg 300w, https:\/\/goerdeler.lspb.de\/wordpress\/wp-content\/uploads\/Karriertag_1_-768x576.jpg 768w, https:\/\/goerdeler.lspb.de\/wordpress\/wp-content\/uploads\/Karriertag_1_-585x440.jpg 585w, https:\/\/goerdeler.lspb.de\/wordpress\/wp-content\/uploads\/Karriertag_1_-230x172.jpg 230w\" sizes=\"(max-width: 900px) 100vw, 900px\" \/><\/a><\/div><div class=\"o-posts-grid-post-body\"><h4 class=\"o-posts-grid-post-title\"><a href=\"https:\/\/goerdeler.lspb.de\/wordpress\/karrieretag-fuer-den-buendelungsjahrgang\/\">Karrieretag\u00a0f\u00fcr den\u00a0B\u00fcndelungsjahrgang<\/a><\/h4><div class=\"o-posts-grid-post-description\"><p>Wie gelingt der \u00dcbergang von der Schule in die Berufswelt? Diese Frage stand&nbsp;am 16. Februar&nbsp;im Mittelpunkt des neu initiierten Karrieretages f\u00fcr die Q2-Sch\u00fcler:innen&nbsp;des Goerdeler-Gymnasiums. Am Tag der Ausgabe der Laufbahnbescheinigun\u2026<\/p><\/div><\/div><\/div><\/div><div class=\"o-posts-grid-post-blog o-posts-grid-post-plain\"><div class=\"o-posts-grid-post\"><div class=\"o-posts-grid-post-image\"><a href=\"https:\/\/goerdeler.lspb.de\/wordpress\/q1-besucht-campustag-der-universitaet-paderborn-einblick-in-studien-und-berufswelt\/\"><img loading=\"lazy\" decoding=\"async\" width=\"900\" height=\"675\" src=\"https:\/\/goerdeler.lspb.de\/wordpress\/wp-content\/uploads\/Campustag_1.jpeg\" class=\"attachment-full size-full\" alt=\"Q1 besucht Campustag der Universit\u00e4t Paderborn \u2013 Einblick in Studien- und Berufswelt\" srcset=\"https:\/\/goerdeler.lspb.de\/wordpress\/wp-content\/uploads\/Campustag_1.jpeg 900w, https:\/\/goerdeler.lspb.de\/wordpress\/wp-content\/uploads\/Campustag_1-300x225.jpeg 300w, https:\/\/goerdeler.lspb.de\/wordpress\/wp-content\/uploads\/Campustag_1-768x576.jpeg 768w, https:\/\/goerdeler.lspb.de\/wordpress\/wp-content\/uploads\/Campustag_1-585x440.jpeg 585w, https:\/\/goerdeler.lspb.de\/wordpress\/wp-content\/uploads\/Campustag_1-230x172.jpeg 230w\" sizes=\"(max-width: 900px) 100vw, 900px\" \/><\/a><\/div><div class=\"o-posts-grid-post-body\"><h4 class=\"o-posts-grid-post-title\"><a href=\"https:\/\/goerdeler.lspb.de\/wordpress\/q1-besucht-campustag-der-universitaet-paderborn-einblick-in-studien-und-berufswelt\/\">Q1 besucht Campustag der Universit\u00e4t Paderborn \u2013 Einblick in Studien- und Berufswelt<\/a><\/h4><div class=\"o-posts-grid-post-description\"><p>Am 15. Januar 2026 besuchten die Jahrgangsstufe Q1 und einige Sch\u00fcler:innen aus der Q2 des Goerdeler-Gymnasiums den Campustag der Universit\u00e4t Paderborn im Rahmen der schulischen Studien- und Berufsorientierung. Ziel des Besuchs war es, den Sch\u00fcler:in\u2026<\/p><\/div><\/div><\/div><\/div><div class=\"o-posts-grid-post-blog o-posts-grid-post-plain\"><div class=\"o-posts-grid-post\"><div class=\"o-posts-grid-post-image\"><a href=\"https:\/\/goerdeler.lspb.de\/wordpress\/erfolgreiche-teilnahme-an-schubs-digital-2025\/\"><img loading=\"lazy\" decoding=\"async\" width=\"900\" height=\"599\" src=\"https:\/\/goerdeler.lspb.de\/wordpress\/wp-content\/uploads\/01-Gym-Goerdeler.jpg\" class=\"attachment-full size-full\" alt=\"Erfolgreiche Teilnahme an SchuBS\u00ae .digital 2025\" srcset=\"https:\/\/goerdeler.lspb.de\/wordpress\/wp-content\/uploads\/01-Gym-Goerdeler.jpg 900w, https:\/\/goerdeler.lspb.de\/wordpress\/wp-content\/uploads\/01-Gym-Goerdeler-300x200.jpg 300w, https:\/\/goerdeler.lspb.de\/wordpress\/wp-content\/uploads\/01-Gym-Goerdeler-768x511.jpg 768w\" sizes=\"(max-width: 900px) 100vw, 900px\" \/><\/a><\/div><div class=\"o-posts-grid-post-body\"><h4 class=\"o-posts-grid-post-title\"><a href=\"https:\/\/goerdeler.lspb.de\/wordpress\/erfolgreiche-teilnahme-an-schubs-digital-2025\/\">Erfolgreiche Teilnahme an SchuBS\u00ae .digital 2025<\/a><\/h4><div class=\"o-posts-grid-post-description\"><p>Seit Februar haben unsere Sch\u00fcler:innen Amelie Fox und Henri Ostenholz erfolgreich am Berufsorientierungsprogramm SchuBS\u00ae digital 2025 teilgenommen. An 15 Samstagen lernten die Jugendlichen zw\u00f6lf Unternehmen und Institutionen rund um die IT-Branche k\u2026<\/p><\/div><\/div><\/div><\/div><\/div> <\/div>","protected":false},"excerpt":{"rendered":"<p>Die Studien- und Berufsorientierung unterst\u00fctzt unsere Sch\u00fcler:innen dabei, fr\u00fchzeitig eigene St\u00e4rken zu entdecken und eine fundierte Entscheidung f\u00fcr ihren weiteren Bildungs- und Berufsweg zu treffen. Ziel ist es, Orientierung zu geben, Perspektiven zu er\u00f6ffnen und den \u00dcbergang von der Schule in Studium, Ausbildung oder andere Bildungswege gut vorzubereiten. Als Gymnasium in Nordrhein-Westfalen setzen wir das [&hellip;]<\/p>\n","protected":false},"author":2,"featured_media":0,"parent":4252,"menu_order":127,"comment_status":"closed","ping_status":"closed","template":"","meta":{"_themeisle_gutenberg_block_has_review":false,"_mc_calendar":[],"footnotes":""},"class_list":["post-3425","page","type-page","status-publish","hentry"],"_links":{"self":[{"href":"https:\/\/goerdeler.lspb.de\/wordpress\/wp-json\/wp\/v2\/pages\/3425","targetHints":{"allow":["GET"]}}],"collection":[{"href":"https:\/\/goerdeler.lspb.de\/wordpress\/wp-json\/wp\/v2\/pages"}],"about":[{"href":"https:\/\/goerdeler.lspb.de\/wordpress\/wp-json\/wp\/v2\/types\/page"}],"author":[{"embeddable":true,"href":"https:\/\/goerdeler.lspb.de\/wordpress\/wp-json\/wp\/v2\/users\/2"}],"replies":[{"embeddable":true,"href":"https:\/\/goerdeler.lspb.de\/wordpress\/wp-json\/wp\/v2\/comments?post=3425"}],"version-history":[{"count":35,"href":"https:\/\/goerdeler.lspb.de\/wordpress\/wp-json\/wp\/v2\/pages\/3425\/revisions"}],"predecessor-version":[{"id":19415,"href":"https:\/\/goerdeler.lspb.de\/wordpress\/wp-json\/wp\/v2\/pages\/3425\/revisions\/19415"}],"up":[{"embeddable":true,"href":"https:\/\/goerdeler.lspb.de\/wordpress\/wp-json\/wp\/v2\/pages\/4252"}],"wp:attachment":[{"href":"https:\/\/goerdeler.lspb.de\/wordpress\/wp-json\/wp\/v2\/media?parent=3425"}],"curies":[{"name":"wp","href":"https:\/\/api.w.org\/{rel}","templated":true}]}}