{"id":4603,"date":"2015-06-12T08:40:57","date_gmt":"2015-06-12T06:40:57","guid":{"rendered":"http:\/\/goerdeler.lspb.de\/wordpress\/?page_id=4603"},"modified":"2024-10-04T17:35:58","modified_gmt":"2024-10-04T15:35:58","slug":"musik","status":"publish","type":"page","link":"https:\/\/goerdeler.lspb.de\/wordpress\/unterricht\/musik\/","title":{"rendered":"Musik"},"content":{"rendered":"<div class=\"wp-block-image\">\n<figure class=\"aligncenter\"><img loading=\"lazy\" decoding=\"async\" width=\"300\" height=\"238\" src=\"http:\/\/goerdeler.lspb.de\/wordpress\/wp-content\/uploads\/fs_musik_welove-300x238.png\" alt=\"fs_musik_welove\" class=\"wp-image-4614\" srcset=\"https:\/\/goerdeler.lspb.de\/wordpress\/wp-content\/uploads\/fs_musik_welove-300x238.png 300w, https:\/\/goerdeler.lspb.de\/wordpress\/wp-content\/uploads\/fs_musik_welove-379x300.png 379w, https:\/\/goerdeler.lspb.de\/wordpress\/wp-content\/uploads\/fs_musik_welove.png 886w\" sizes=\"(max-width: 300px) 100vw, 300px\" \/><\/figure>\n<\/div>\n\n\n<p><strong>&#8230;you too?<\/strong><\/p>\n\n\n\n<p>Wir m\u00f6chten unsere Freude an der Musik weitergeben!<\/p>\n\n\n\n<p>Musikh\u00f6ren, gemeinsam Musikmachen, Sprechen \u00fcber Musik, Erleben von Wirkungen, Nachdenken \u00fcber Musik, Interessantes \u00fcber Komponisten und K\u00fcnstler erfahren, \u2026&nbsp;<span style=\"line-height: 1.5;\">das alles geh\u00f6rt zum Unterricht im Fach Musik.<\/span><\/p>\n\n\n\n<p>Unser Anliegen ist die Freude an der Musik zu wecken, musikalische Talente (auch unentdeckte) zu f\u00f6rdern, Offenheit gegen\u00fcber musikalischer Vielfalt anzuregen, kritische Urteilsf\u00e4higkeit auszubilden und musikalischen Ausdruck zu erm\u00f6glichen.<\/p>\n\n\n\n<p>Dazu geh\u00f6rt Kreativit\u00e4t, musikalische Toleranz \u2013 und nat\u00fcrlich das n\u00f6tige Basiswissen \ud83d\ude09<\/p>\n\n\n\n<p>Wir unterrichten Musik in der Sekundarstufe I immer 2-st\u00fcndig, in den Jahrgangsstufen 5 bis 7 ganzj\u00e4hrig, in der Jahrgangsstufe 8 bis 10 ein halbes Jahr.<\/p>\n\n\n\n<p>F\u00fcr den Musikunterricht der 5\/6 wird das \u201eBl\u00e4serklassen-Modell\u201c angeboten, bei dem die Sch\u00fclerinnen und Sch\u00fcler im Rahmen des Musikunterrichtes (in Kooperation mit der St\u00e4dtischen Musikschule) ein Blasinstrument erlernen k\u00f6nnen.<\/p>\n\n\n\n<p>Die Kurse in der Oberstufe (EF, Q1, Q2) werden dreist\u00fcndig unterrichtet.<\/p>\n\n\n\n<p>Musikalisch entfalten kann man sich auch im gemeinsamen Musizieren der Ensembles: Wir bieten f\u00fcr verschiedene Altersstufen Chor- und Bandarbeit als Arbeitsgemeinschaften an (siehe unter \u201eProjekte\u201c).<\/p>\n\n\n\n<h2 class=\"wp-block-heading\">Sekundarstufe I<\/h2>\n\n\n\n<h3 class=\"wp-block-heading\">Curriculum Klassen 5-10<\/h3>\n\n\n\n<ul class=\"wp-block-list\">\n<li>Klicken Sie <a href=\"https:\/\/goerdeler.lspb.de\/wordpress\/wp-content\/uploads\/SiLP_GG_Musik_2022-02-14-Sek-I-G9.pdf\">hier zum Anzeigen \/ Download der PDF-Datei<\/a> (G9) .<\/li>\n<\/ul>\n\n\n\n<p><\/p>\n\n\n\n<h3 class=\"wp-block-heading\"><a id=\"LehrmittelSI\"><\/a>Lehr- und Lernmittel<\/h3>\n\n\n\n<p>Folgende <strong>Musikb\u00fccher <\/strong>stehen im Klassensatz in den beiden R\u00e4umen zur Verf\u00fcgung:<\/p>\n\n\n\n<ul class=\"wp-block-list\">\n<li>Spielpl\u00e4ne<\/li>\n\n\n\n<li>Musik um uns<\/li>\n\n\n\n<li>Die Musikstunde<\/li>\n\n\n\n<li>MusiX<\/li>\n<\/ul>\n\n\n\n<p><strong>Liederb\u00fccher:<\/strong><\/p>\n\n\n\n<ul class=\"wp-block-list\">\n<li>Liedertreff<\/li>\n\n\n\n<li>Songs von Folk bis HipHop<\/li>\n\n\n\n<li>Amadeus Liederbuch<\/li>\n\n\n\n<li>Sing und Swing<\/li>\n<\/ul>\n\n\n\n<h2 class=\"wp-block-heading\">Sekundarstufe II<\/h2>\n\n\n\n<h3 class=\"wp-block-heading\">Curriculum<\/h3>\n\n\n\n<p>Klicken Sie <a href=\"https:\/\/bid.lspb.de\/Download\/Document\/1196391\/\">hier zum Anze<\/a><a href=\"https:\/\/goerdeler.lspb.de\/wordpress\/wp-content\/uploads\/SILP_GG_Sek-II_2022.pdf\">igen \/ Download der PDF-Date<\/a><a href=\"https:\/\/bid.lspb.de\/Download\/Document\/1196391\/\">i.<\/a><\/p>\n\n\n\n<h2 class=\"wp-block-heading\"><a id=\"Leistungsbewertung\"><\/a>Leistungsbewertungskonzept<\/h2>\n\n\n\n<p>Das Leistungsbewertungskonzept (G8) haben wir in einer <a href=\"https:\/\/goerdeler.lspb.de\/wordpress\/wp-content\/uploads\/2022-02-14-Musik-Leistungsbewertungskonzept.pdf\" target=\"_blank\" rel=\"noreferrer noopener\">gesonderten Datei zusammengefasst, die Sie hier herunterladen k\u00f6nnen.<\/a><\/p>\n\n\n\n\n\n<p>Das Leistungsbewertungskonzept (G9) ist Teil des Sek.I-Curriculums.<\/p>\n\n\n\n<h2 class=\"wp-block-heading\"><a id=\"Lehrer\"><\/a>Lehrerinnen und Lehrer<\/h2>\n\n\n\n<p class=\"has-text-align-left\">Am Goerdeler-Gymnasium unterrichten das Fach Musik:<br><br>Frau Gosman-Yang<br>Frau Dr. Keikutt<br>Herr Schulze-Athens<br>Frau Wiedemann<\/p>\n\n\n\n<h2 class=\"wp-block-heading\"><a id=\"Fachraeume\"><\/a>Fachr\u00e4ume und Ausstattung \/ Lernorte<\/h2>\n\n\n\n<p>F\u00fcr den Klassen-, Kurs- und Ensembleunterricht stehen folgende Musikr\u00e4ume zur Verf\u00fcgung:<\/p>\n\n\n\n<ul class=\"wp-block-list\">\n<li>Zwei voll ausgestattete Musikr\u00e4ume (einer mit Fl\u00fcgel, einer mit Klavier).<\/li>\n\n\n\n<li>Ein Keyboardraum (plus Musikanlage)<\/li>\n\n\n\n<li>F\u00fcr die Bl\u00e4serklassen-Arbeit und die Konzerte wird die gro\u00dfe Aula genutzt.<\/li>\n<\/ul>\n\n\n\n<p>Alle Fachr\u00e4ume haben fest jeweils einen Computer mit Beamer und Whiteboard, installierte Audio-Anlagen mit CD- und Kassetten-Player und Anschl\u00fcsse f\u00fcr andere elektronische Ger\u00e4te sowie Lagersysteme f\u00fcr Musikb\u00fccher und Liederb\u00fccher. Orffsches Grund-Instrumentarium, mehrere S\u00e4tze von Boom-Whakern und Percussion-Instrumente, einige Gitarren, zwei Geigen, ein Fl\u00fcgel, ein Klavier; im Keyboardraum gibt es ein komplettes Drumset. Weiterhin steht ein fahrbarer Fernseher mit DVD-Player zur Verf\u00fcgung, in allen R\u00e4umen jeweils ein OH-Projektor und eine Tafel.<\/p>\n\n\n\n<p>F\u00fcr die Bl\u00e4serklassen gibt es zwei S\u00e4tze Blasinstrumente (Fl\u00f6ten, Klarinetten, Saxophone, Trompeten, Posaunen, Euphonien).<\/p>\n\n\n\n<p>Zum B\u00fchnenequipment geh\u00f6ren: Drumset, E-Bass (mit Verst\u00e4rker), E-Gitarre (mit Verst\u00e4rker), E-Piano (mit Verst\u00e4rker) und Mikrophone.<\/p>\n\n\n\n<h2 class=\"wp-block-heading\"><a id=\"Projekte\"><\/a>Projekte<\/h2>\n\n\n\n<h3 class=\"wp-block-heading\">Konzerte<\/h3>\n\n\n\n<p>J\u00e4hrlich finden zwei Schulkonzerte statt (<strong>Konzert im Advent<\/strong> und <strong>Sommerkonzert<\/strong>), an denen alle schulischen Ensembles teilnehmen und G\u00e4ste willkommen sind. Dar\u00fcber hinaus gestalten die Musikgruppen verschiedene schulische Veranstaltungen wie Abiturentlassung und Einschulung der neuen 5er Klassen.<\/p>\n\n\n\n<p>Externe Auftritte (wie z.B. Auftritte in der <a rel=\"noopener noreferrer\" href=\"http:\/\/www.paderhalle.de\" target=\"_blank\">PaderHalle<\/a> und dem <a rel=\"noopener noreferrer\" href=\"http:\/\/www.hnf.de\" target=\"_blank\">Heinz Nixdorf Forum<\/a>) sowie Musik-Workshops \u00f6ffnen das schulische Leben nach \u201eau\u00dfen\u201c und sorgen f\u00fcr eine \u201eTeilhabe am gesellschaftlichen Leben\u201c (QA-Bericht) sowie die Darstellung der schulischen Arbeit in die \u00d6ffentlichkeit.<\/p>\n\n\n\n<h3 class=\"wp-block-heading\">Bl\u00e4serklasse<\/h3>\n\n\n<div class=\"wp-block-image\">\n<figure class=\"aligncenter\"><a href=\"http:\/\/goerdeler.lspb.de\/wordpress\/wp-content\/uploads\/Foto-Musik-2-Projekte-Bl\u00e4serband-1.jpg\"><img loading=\"lazy\" decoding=\"async\" width=\"300\" height=\"214\" src=\"http:\/\/goerdeler.lspb.de\/wordpress\/wp-content\/uploads\/Foto-Musik-2-Projekte-Bl\u00e4serband-1-300x214.jpg\" alt=\"Musikunterricht mit dem Instrument in der Hand!\" class=\"wp-image-4606\" srcset=\"https:\/\/goerdeler.lspb.de\/wordpress\/wp-content\/uploads\/Foto-Musik-2-Projekte-Bl\u00e4serband-1-300x214.jpg 300w, https:\/\/goerdeler.lspb.de\/wordpress\/wp-content\/uploads\/Foto-Musik-2-Projekte-Bl\u00e4serband-1-421x300.jpg 421w, https:\/\/goerdeler.lspb.de\/wordpress\/wp-content\/uploads\/Foto-Musik-2-Projekte-Bl\u00e4serband-1.jpg 872w\" sizes=\"(max-width: 300px) 100vw, 300px\" \/><\/a><figcaption class=\"wp-element-caption\">Musikunterricht mit dem Instrument in der Hand!<\/figcaption><\/figure>\n<\/div>\n\n\n<p>Die Bl\u00e4serklasse ist das Angebot eines besonderen Musikunterrichtes f\u00fcr die Klassen 5 und 6: zusammen mit Klassenkameraden kann man ein von der Schule ausgeliehenes Blasinstrument erlernen und diese F\u00e4higkeit von Anfang an in der Klassenbigband einsetzen. Auch Kinder, die bereits ein Blasinstrument, Schlagzeug oder Klavier spielen, k\u00f6nnen sich anmelden.Der Instrumentalunterricht am neu zu erlernenden Instrument findet in Kooperation mit der St\u00e4dtischen Musikschule Paderborn im Goerdeler-Gymnasium w\u00e4hrend der regul\u00e4ren Unterrichtszeit statt.<\/p>\n\n\n\n<p>Ein Instrument systematisch zu erlernen bedeutet Steigerung von Konzentration und Disziplin sowie St\u00e4rkung von Selbstvertrauen und Selbstbewusstsein durch Erfolgserlebnisse. Das gemeinsame Musizieren im Klassenverband macht nicht nur Spa\u00df, sondern f\u00f6rdert auch den Teamgeist und motiviert durch das tolle Klangerlebnis von Anfang an. In der Gruppe ist es leichter \u201edranzubleiben\u201c.<\/p>\n\n\n\n<p>Vorkenntnisse sind nicht erforderlich! Der Kosten- und Zeitaufwand ist minimal.<\/p>\n\n\n\n<p>Informationsm\u00f6glichkeiten gibt es am Tag der offenen T\u00fcr, durch den Flyer und vor allem bei der j\u00e4hrlich im M\u00e4rz stattfindenden Informationsveranstaltung mit Instrumentenrallye.<br>Leitung: <a href=\"mailto:tschulz3@lspb.de\" target=\"_blank\" rel=\"noreferrer noopener\">Herr Schulze-Athens<\/a><\/p>\n\n\n\n<p><strong>So kann es weitergehen:&nbsp;<\/strong><\/p>\n\n\n\n<p>Oft entsteht der Wunsch, das Instrument weiter in einer Band zu spielen. Wir bieten als Fortsetzung des Projektes die &#8222;AG YoungBand&#8220;&nbsp;(ab Jgst. 6) und sp\u00e4ter die &#8222;AG BigBand&#8220;&nbsp;an (ab Jgst. 8).<\/p>\n\n\n<div class=\"wp-block-image\">\n<figure class=\"aligncenter\"><a href=\"http:\/\/goerdeler.lspb.de\/wordpress\/wp-content\/uploads\/Foto-Musik-4-Projekte-Bl\u00e4serband-3.jpg\"><img loading=\"lazy\" decoding=\"async\" width=\"1024\" height=\"768\" src=\"http:\/\/goerdeler.lspb.de\/wordpress\/wp-content\/uploads\/Foto-Musik-4-Projekte-Bl\u00e4serband-3-1024x768.jpg\" alt=\"Foto Musik 4 - Projekte Bl\u00e4serband 3\" class=\"wp-image-4608\" srcset=\"https:\/\/goerdeler.lspb.de\/wordpress\/wp-content\/uploads\/Foto-Musik-4-Projekte-Bl\u00e4serband-3.jpg 1024w, https:\/\/goerdeler.lspb.de\/wordpress\/wp-content\/uploads\/Foto-Musik-4-Projekte-Bl\u00e4serband-3-300x225.jpg 300w, https:\/\/goerdeler.lspb.de\/wordpress\/wp-content\/uploads\/Foto-Musik-4-Projekte-Bl\u00e4serband-3-400x300.jpg 400w\" sizes=\"(max-width: 1024px) 100vw, 1024px\" \/><\/a><\/figure>\n<\/div>\n\n\n<h3 class=\"wp-block-heading\"><a id=\"MusikAGs\"><\/a>Projektchor<\/h3>\n\n\n\n<p>Warum sollten Eltern und Lehrer den Spa\u00df anderen \u00fcberlassen und immer nur zuh\u00f6ren\/zusehen? F\u00fcr Eltern, Lehrer und Sch\u00fcler bietet <a href=\"mailto:uwiedem2@lspb.de\" target=\"_blank\" rel=\"noopener noreferrer\">Frau Wiedemann<\/a> f\u00fcr das Sommer- und das Adventskonzert einen Projektchor an, der jeweils viermal vor dem Konzert probt. Hier k\u00f6nnen die Mits\u00e4nger und \u2013s\u00e4ngerinnen bei der Programmgestaltung mitwirken. Weil wir nur in kurzen Projekten miteinander singen, wechselt die Besetzung \u2013 daher ist jeder willkommen, der mitwirken m\u00f6chte!<\/p>\n\n\n<div class=\"wp-block-image\">\n<figure class=\"aligncenter\"><a href=\"http:\/\/goerdeler.lspb.de\/wordpress\/wp-content\/uploads\/Foto-Musik-5-Projektchor.jpg\"><img loading=\"lazy\" decoding=\"async\" width=\"1024\" height=\"657\" src=\"http:\/\/goerdeler.lspb.de\/wordpress\/wp-content\/uploads\/Foto-Musik-5-Projektchor-1024x657.jpg\" alt=\"Foto Musik 5 - Projektchor\" class=\"wp-image-4609\" srcset=\"https:\/\/goerdeler.lspb.de\/wordpress\/wp-content\/uploads\/Foto-Musik-5-Projektchor-1024x657.jpg 1024w, https:\/\/goerdeler.lspb.de\/wordpress\/wp-content\/uploads\/Foto-Musik-5-Projektchor-300x193.jpg 300w, https:\/\/goerdeler.lspb.de\/wordpress\/wp-content\/uploads\/Foto-Musik-5-Projektchor-467x300.jpg 467w, https:\/\/goerdeler.lspb.de\/wordpress\/wp-content\/uploads\/Foto-Musik-5-Projektchor.jpg 1885w\" sizes=\"(max-width: 1024px) 100vw, 1024px\" \/><\/a><\/figure>\n<\/div>\n\n\n<h3 class=\"wp-block-heading\">AG Schulchor<\/h3>\n\n\n\n<p>Wer Freude am gemeinsamen Singen hat, ist herzlich eingeladen, zu unserem Schulchor&nbsp;zu kommen. Vorkenntnisse sind nicht erforderlich!<\/p>\n\n\n\n<p>Die Chorprobe findet nach Absprache  <strong>freitags in der 7. Stunde<\/strong> statt.<br><strong><u>Bitte die Terminaush\u00e4nge an den T\u00fcren des Musiktrakts beachten.<\/u><\/strong><\/p>\n\n\n\n<p>Der Schulchor tritt mehrfach im Jahr bei den verschiedensten Anl\u00e4ssen au\u00dfer- und innerhalb der Schule auf. Leitung: <a href=\"mailto:aulama1@lspb.de\" target=\"_blank\" rel=\"noopener noreferrer\">Herr Schulze-Athens<\/a><\/p>\n\n\n\n<div class=\"wp-block-columns is-layout-flex wp-container-core-columns-is-layout-9d6595d7 wp-block-columns-is-layout-flex\">\n<div class=\"wp-block-column is-layout-flow wp-block-column-is-layout-flow\">\n<figure class=\"wp-block-image size-large\"><img decoding=\"async\" src=\"https:\/\/goerdeler.lspb.de\/wordpress\/wp-content\/uploads\/Foto-Musik-7-Chor-2.jpg\" alt=\"\"\/><\/figure>\n<\/div>\n\n\n\n<div class=\"wp-block-column is-layout-flow wp-block-column-is-layout-flow\">\n<figure class=\"wp-block-image size-large\"><img decoding=\"async\" src=\"https:\/\/goerdeler.lspb.de\/wordpress\/wp-content\/uploads\/Foto-Musik-6-Chor-1.jpg\" alt=\"\"\/><\/figure>\n<\/div>\n<\/div>\n\n\n\n<h3 class=\"wp-block-heading\">AG &#8222;Young Band&#8220;<\/h3>\n\n\n\n<p>Die AG Young Band probt immer <strong>dienstags, 7. Stunde<\/strong> in der Aula.<\/p>\n\n\n\n<p>Unsere Besetzung:&nbsp;Querfl\u00f6ten, Klarinetten, Saxophone, Trompeten, Posaunen, Euphonien, Schlagzeug und Klavier.<\/p>\n\n\n\n<p>Jeder, der eines dieser Instrumente seit mehr als zwei Jahren spielt, ist herzlich eingeladen, mit zu machen!&nbsp;Wir spielen leichte Pop- und Rockst\u00fccke, aber auch kleine Jazzstandards, Film- und Musicalmelodien.<br>Leitung: <a rel=\"noreferrer noopener\" href=\"mailto:aulama1@lspb.de\" target=\"_blank\">Herr Schulze-Athens<\/a><\/p>\n\n\n<div class=\"wp-block-image\">\n<figure class=\"aligncenter\"><a href=\"http:\/\/goerdeler.lspb.de\/wordpress\/wp-content\/uploads\/Foto-Musik-8-Projekte-Young-Band.jpg\"><img loading=\"lazy\" decoding=\"async\" width=\"756\" height=\"496\" src=\"http:\/\/goerdeler.lspb.de\/wordpress\/wp-content\/uploads\/Foto-Musik-8-Projekte-Young-Band.jpg\" alt=\"Foto Musik 8 - Projekte Young Band\" class=\"wp-image-4612\" srcset=\"https:\/\/goerdeler.lspb.de\/wordpress\/wp-content\/uploads\/Foto-Musik-8-Projekte-Young-Band.jpg 756w, https:\/\/goerdeler.lspb.de\/wordpress\/wp-content\/uploads\/Foto-Musik-8-Projekte-Young-Band-300x197.jpg 300w, https:\/\/goerdeler.lspb.de\/wordpress\/wp-content\/uploads\/Foto-Musik-8-Projekte-Young-Band-457x300.jpg 457w\" sizes=\"(max-width: 756px) 100vw, 756px\" \/><\/a><\/figure>\n<\/div>\n\n\n<h3 class=\"wp-block-heading\">AG Big Band<\/h3>\n\n\n\n<p>Die AG Big Band probt immer <strong>montags in der 7. Stunde<\/strong> in der Aula.<\/p>\n\n\n\n<p>Unsere Besetzung:&nbsp;Querfl\u00f6ten, Klarinetten, Saxophone (Alt und Tenor), Trompeten, Posaunen, Euphonien, Tuba, Cello, Schlagzeug, Klavier, E-Gitarre, E-Bass.<\/p>\n\n\n\n<p>Wir spielen mittelschwere Arrangements aus den Bereichen Rock, Pop und Jazz.<\/p>\n\n\n\n<p>Regelm\u00e4\u00dfig treten wir bei den Schulkonzerten und der Abiturentlassfeier auf. Gerne pr\u00e4sentieren wir unsere Arbeit auch au\u00dferhalb der Schule bei Auftritten im HNF (z.B. Preisverleihung von Jugend forscht). Einmal j\u00e4hrlich (meistens Ende Januar) fahren wir ins \u201eTrainingslager\u201c. Bei dieser Probenfreizeit wird viel ge\u00fcbt, aber auch die Freizeitaktivit\u00e4ten kommen nicht zu kurz!<br><\/p>\n\n\n<div class=\"wp-block-image\">\n<figure class=\"aligncenter size-full\"><a href=\"https:\/\/goerdeler.lspb.de\/wordpress\/wp-content\/uploads\/IMG_20220426_104237080_HDR.jpg\"><img loading=\"lazy\" decoding=\"async\" width=\"900\" height=\"675\" src=\"https:\/\/goerdeler.lspb.de\/wordpress\/wp-content\/uploads\/IMG_20220426_104237080_HDR.jpg\" alt=\"\" class=\"wp-image-14174\" srcset=\"https:\/\/goerdeler.lspb.de\/wordpress\/wp-content\/uploads\/IMG_20220426_104237080_HDR.jpg 900w, https:\/\/goerdeler.lspb.de\/wordpress\/wp-content\/uploads\/IMG_20220426_104237080_HDR-300x225.jpg 300w, https:\/\/goerdeler.lspb.de\/wordpress\/wp-content\/uploads\/IMG_20220426_104237080_HDR-768x576.jpg 768w, https:\/\/goerdeler.lspb.de\/wordpress\/wp-content\/uploads\/IMG_20220426_104237080_HDR-585x440.jpg 585w, https:\/\/goerdeler.lspb.de\/wordpress\/wp-content\/uploads\/IMG_20220426_104237080_HDR-230x172.jpg 230w\" sizes=\"(max-width: 900px) 100vw, 900px\" \/><\/a><figcaption class=\"wp-element-caption\">Die Teilnehmer der BigBand-Probentage 2022 im Innenhof des Musikbildungsst\u00e4tte Bad Fredeburg <\/figcaption><\/figure>\n<\/div>\n\n\n<h2 class=\"wp-block-heading\"><a id=\"Wettbewerbe\"><\/a>Wettbewerbe<\/h2>\n\n\n\n<p>Immer wieder nehmen Sch\u00fcler des Goerdeler-Gymnasiums an musikalischen Wettbewerben teil, so z. B. an \u201eJugend musiziert\u201c, \u201eschool jam\u201c oder einem Kompositionswettbewerb. Preistr\u00e4ger erhalten die Gelegenheit, sich im Konzert der Schul\u00f6ffentlichkeit vorstellen.<\/p>\n\n\n\n<h2 class=\"wp-block-heading\">Veranstaltungen und Ereignisse<\/h2>\n\n\n<div class=\"wp-block-themeisle-blocks-posts-grid\" id=\"wp-block-themeisle-blocks-posts-grid-4a68ffaa\"><div class=\"is-list\"><div class=\"o-posts-grid-post-blog o-posts-grid-post-plain\"><div class=\"o-posts-grid-post\"><div class=\"o-posts-grid-post-image\"><a href=\"https:\/\/goerdeler.lspb.de\/wordpress\/probenfahrt-der-bigband-nach-bad-fredeburg\/\"><img loading=\"lazy\" decoding=\"async\" width=\"900\" height=\"675\" src=\"https:\/\/goerdeler.lspb.de\/wordpress\/wp-content\/uploads\/2026-03-03_BigBand_Fredeburg.jpg\" class=\"attachment-full size-full\" alt=\"Probenfahrt der BigBand nach Bad Fredeburg\" srcset=\"https:\/\/goerdeler.lspb.de\/wordpress\/wp-content\/uploads\/2026-03-03_BigBand_Fredeburg.jpg 900w, https:\/\/goerdeler.lspb.de\/wordpress\/wp-content\/uploads\/2026-03-03_BigBand_Fredeburg-300x225.jpg 300w, https:\/\/goerdeler.lspb.de\/wordpress\/wp-content\/uploads\/2026-03-03_BigBand_Fredeburg-768x576.jpg 768w, https:\/\/goerdeler.lspb.de\/wordpress\/wp-content\/uploads\/2026-03-03_BigBand_Fredeburg-585x440.jpg 585w, https:\/\/goerdeler.lspb.de\/wordpress\/wp-content\/uploads\/2026-03-03_BigBand_Fredeburg-230x172.jpg 230w\" sizes=\"(max-width: 900px) 100vw, 900px\" \/><\/a><\/div><div class=\"o-posts-grid-post-body\"><h4 class=\"o-posts-grid-post-title\"><a href=\"https:\/\/goerdeler.lspb.de\/wordpress\/probenfahrt-der-bigband-nach-bad-fredeburg\/\">Probenfahrt der BigBand nach Bad Fredeburg<\/a><\/h4><div class=\"o-posts-grid-post-description\"><p>Zwei Tage voller Musik, guter Laune und jeder Menge Teamspirit: Unsere Big Band verbrachte Anfang M\u00e4rz unter der Leitung von Frau Dr. Keikutt-Licht und Herrn Hauk zwei produktive Tage im Musikbildungszentrum S\u00fcdwestfalen in Bad Fredeburg. 30 Sch\u00fcler:\u2026<\/p><\/div><\/div><\/div><\/div><div class=\"o-posts-grid-post-blog o-posts-grid-post-plain\"><div class=\"o-posts-grid-post\"><div class=\"o-posts-grid-post-image\"><a href=\"https:\/\/goerdeler.lspb.de\/wordpress\/profilklassen-info-veranstaltung-am-20-januar\/\"><img loading=\"lazy\" decoding=\"async\" width=\"900\" height=\"596\" src=\"https:\/\/goerdeler.lspb.de\/wordpress\/wp-content\/uploads\/2026_Infonachmittag_Profilklassen.jpg\" class=\"attachment-full size-full\" alt=\"Profilklassen Info-Veranstaltung am 20. Januar\" srcset=\"https:\/\/goerdeler.lspb.de\/wordpress\/wp-content\/uploads\/2026_Infonachmittag_Profilklassen.jpg 900w, https:\/\/goerdeler.lspb.de\/wordpress\/wp-content\/uploads\/2026_Infonachmittag_Profilklassen-300x199.jpg 300w, https:\/\/goerdeler.lspb.de\/wordpress\/wp-content\/uploads\/2026_Infonachmittag_Profilklassen-768x509.jpg 768w\" sizes=\"(max-width: 900px) 100vw, 900px\" \/><\/a><\/div><div class=\"o-posts-grid-post-body\"><h4 class=\"o-posts-grid-post-title\"><a href=\"https:\/\/goerdeler.lspb.de\/wordpress\/profilklassen-info-veranstaltung-am-20-januar\/\">Profilklassen Info-Veranstaltung am 20. Januar<\/a><\/h4><div class=\"o-posts-grid-post-description\"><p>Kinder, die nach den Sommerferien die f\u00fcnfte Klasse am Goerdeler besuchen, k\u00f6nnen sich f\u00fcr ein musikalisches oder ein naturwissenschaftliches Profil entscheiden.Noch vor den Anmeldungen zu den weiterf\u00fchrenden Schulen (ab 23.02.26) k\u00f6nnen interessiert\u2026<\/p><\/div><\/div><\/div><\/div><div class=\"o-posts-grid-post-blog o-posts-grid-post-plain\"><div class=\"o-posts-grid-post\"><div class=\"o-posts-grid-post-image\"><a href=\"https:\/\/goerdeler.lspb.de\/wordpress\/licht-klang-und-freude-musikensembles-begeistern\/\"><img loading=\"lazy\" decoding=\"async\" width=\"900\" height=\"675\" src=\"https:\/\/goerdeler.lspb.de\/wordpress\/wp-content\/uploads\/P3140294.jpg\" class=\"attachment-full size-full\" alt=\"Licht, Klang und Freude &#8211; Musikensembles begeistern\" srcset=\"https:\/\/goerdeler.lspb.de\/wordpress\/wp-content\/uploads\/P3140294.jpg 900w, https:\/\/goerdeler.lspb.de\/wordpress\/wp-content\/uploads\/P3140294-300x225.jpg 300w, https:\/\/goerdeler.lspb.de\/wordpress\/wp-content\/uploads\/P3140294-768x576.jpg 768w, https:\/\/goerdeler.lspb.de\/wordpress\/wp-content\/uploads\/P3140294-585x440.jpg 585w, https:\/\/goerdeler.lspb.de\/wordpress\/wp-content\/uploads\/P3140294-230x172.jpg 230w\" sizes=\"(max-width: 900px) 100vw, 900px\" \/><\/a><\/div><div class=\"o-posts-grid-post-body\"><h4 class=\"o-posts-grid-post-title\"><a href=\"https:\/\/goerdeler.lspb.de\/wordpress\/licht-klang-und-freude-musikensembles-begeistern\/\">Licht, Klang und Freude &#8211; Musikensembles begeistern<\/a><\/h4><div class=\"o-posts-grid-post-description\"><p>Fast 200 Mitwirkende, ein vielf\u00e4ltiges Programm und begeisterter Applaus: das vorweihnachtliche Konzert unserer Schule wurde zu einem eindrucksvollen musikalischem Gemeinschaftsabend. Die Chor- und Orchestergruppen stimmten mehr als 400 G\u00e4ste in der \u2026<\/p><\/div><\/div><\/div><\/div><div class=\"o-posts-grid-post-blog o-posts-grid-post-plain\"><div class=\"o-posts-grid-post\"><div class=\"o-posts-grid-post-image\"><a href=\"https:\/\/goerdeler.lspb.de\/wordpress\/einladung-zum-adventskonzert-3\/\"><img loading=\"lazy\" decoding=\"async\" width=\"900\" height=\"636\" src=\"https:\/\/goerdeler.lspb.de\/wordpress\/wp-content\/uploads\/2025-12-10_Einladung_Konzert.jpg\" class=\"attachment-full size-full\" alt=\"Einladung zum Adventskonzert\" srcset=\"https:\/\/goerdeler.lspb.de\/wordpress\/wp-content\/uploads\/2025-12-10_Einladung_Konzert.jpg 900w, https:\/\/goerdeler.lspb.de\/wordpress\/wp-content\/uploads\/2025-12-10_Einladung_Konzert-300x212.jpg 300w, https:\/\/goerdeler.lspb.de\/wordpress\/wp-content\/uploads\/2025-12-10_Einladung_Konzert-768x543.jpg 768w\" sizes=\"(max-width: 900px) 100vw, 900px\" \/><\/a><\/div><div class=\"o-posts-grid-post-body\"><h4 class=\"o-posts-grid-post-title\"><a href=\"https:\/\/goerdeler.lspb.de\/wordpress\/einladung-zum-adventskonzert-3\/\">Einladung zum Adventskonzert<\/a><\/h4><div class=\"o-posts-grid-post-description\"><p>Zu ihrem traditionellen \u201eKonzert im Advent\u201c am Mittwoch, dem 17. Dezember, laden die Musikgruppen des Goerdeler-Gymnasiums ganz herzlich ein.Um 18.30 Uhr beginnt in derAula das Programm, welches den Zuh\u00f6rern in der oft hektischen vorweihnachtlichen B\u2026<\/p><\/div><\/div><\/div><\/div><div class=\"o-posts-grid-post-blog o-posts-grid-post-plain\"><div class=\"o-posts-grid-post\"><div class=\"o-posts-grid-post-image\"><a href=\"https:\/\/goerdeler.lspb.de\/wordpress\/volles-haus-und-beste-stimmung\/\"><img loading=\"lazy\" decoding=\"async\" width=\"900\" height=\"675\" src=\"https:\/\/goerdeler.lspb.de\/wordpress\/wp-content\/uploads\/01-4.jpg\" class=\"attachment-full size-full\" alt=\"Volles Haus und beste Stimmung\" srcset=\"https:\/\/goerdeler.lspb.de\/wordpress\/wp-content\/uploads\/01-4.jpg 900w, https:\/\/goerdeler.lspb.de\/wordpress\/wp-content\/uploads\/01-4-300x225.jpg 300w, https:\/\/goerdeler.lspb.de\/wordpress\/wp-content\/uploads\/01-4-768x576.jpg 768w, https:\/\/goerdeler.lspb.de\/wordpress\/wp-content\/uploads\/01-4-585x440.jpg 585w, https:\/\/goerdeler.lspb.de\/wordpress\/wp-content\/uploads\/01-4-230x172.jpg 230w\" sizes=\"(max-width: 900px) 100vw, 900px\" \/><\/a><\/div><div class=\"o-posts-grid-post-body\"><h4 class=\"o-posts-grid-post-title\"><a href=\"https:\/\/goerdeler.lspb.de\/wordpress\/volles-haus-und-beste-stimmung\/\">Volles Haus und beste Stimmung<\/a><\/h4><div class=\"o-posts-grid-post-description\"><p>Mit beschwingten Kl\u00e4ngen und einigen Ohrwurm-Hits haben die Musikgruppen des Goerdeler-Gymnasiums \u00fcber 400 Besucher ihres Sommerkonzerts begeistert und mit einem fr\u00f6hlichen, facettenreichen Programm auf die Ferienzeit eingestimmt. Der Abend wurde von\u2026<\/p><\/div><\/div><\/div><\/div><div class=\"o-posts-grid-post-blog o-posts-grid-post-plain\"><div class=\"o-posts-grid-post\"><div class=\"o-posts-grid-post-image\"><a href=\"https:\/\/goerdeler.lspb.de\/wordpress\/einladung-zum-konzert-am-09-juli\/\"><img loading=\"lazy\" decoding=\"async\" width=\"900\" height=\"620\" src=\"https:\/\/goerdeler.lspb.de\/wordpress\/wp-content\/uploads\/2025-06-26_Sommerkonzert_Ankuendigung.jpg\" class=\"attachment-full size-full\" alt=\"Einladung zum Konzert am 09. Juli\" srcset=\"https:\/\/goerdeler.lspb.de\/wordpress\/wp-content\/uploads\/2025-06-26_Sommerkonzert_Ankuendigung.jpg 900w, https:\/\/goerdeler.lspb.de\/wordpress\/wp-content\/uploads\/2025-06-26_Sommerkonzert_Ankuendigung-300x207.jpg 300w, https:\/\/goerdeler.lspb.de\/wordpress\/wp-content\/uploads\/2025-06-26_Sommerkonzert_Ankuendigung-768x529.jpg 768w\" sizes=\"(max-width: 900px) 100vw, 900px\" \/><\/a><\/div><div class=\"o-posts-grid-post-body\"><h4 class=\"o-posts-grid-post-title\"><a href=\"https:\/\/goerdeler.lspb.de\/wordpress\/einladung-zum-konzert-am-09-juli\/\">Einladung zum Konzert am 09. Juli<\/a><\/h4><div class=\"o-posts-grid-post-description\"><p>Die Musikgruppen des Goerdeler-Gymnasiums laden herzlich ein zu ihrem traditionellen Sommerkonzert.Am Mittwoch, 09. Juli 2025 beginnt um 18. 30 Uhr in der Aula ein kurzweiliges Programm, welches uns mit Vokal- und Instrumentalmusik in Sommerferien-La\u2026<\/p><\/div><\/div><\/div><\/div><\/div> <\/div>","protected":false},"excerpt":{"rendered":"<p>&#8230;you too? Wir m\u00f6chten unsere Freude an der Musik weitergeben! Musikh\u00f6ren, gemeinsam Musikmachen, Sprechen \u00fcber Musik, Erleben von Wirkungen, Nachdenken \u00fcber Musik, Interessantes \u00fcber Komponisten und K\u00fcnstler erfahren, \u2026&nbsp;das alles geh\u00f6rt zum Unterricht im Fach Musik. Unser Anliegen ist die Freude an der Musik zu wecken, musikalische Talente (auch unentdeckte) zu f\u00f6rdern, Offenheit gegen\u00fcber musikalischer [&hellip;]<\/p>\n","protected":false},"author":2,"featured_media":0,"parent":4384,"menu_order":99,"comment_status":"closed","ping_status":"closed","template":"","meta":{"_themeisle_gutenberg_block_has_review":false,"_mc_calendar":[],"footnotes":""},"class_list":["post-4603","page","type-page","status-publish","hentry"],"_links":{"self":[{"href":"https:\/\/goerdeler.lspb.de\/wordpress\/wp-json\/wp\/v2\/pages\/4603","targetHints":{"allow":["GET"]}}],"collection":[{"href":"https:\/\/goerdeler.lspb.de\/wordpress\/wp-json\/wp\/v2\/pages"}],"about":[{"href":"https:\/\/goerdeler.lspb.de\/wordpress\/wp-json\/wp\/v2\/types\/page"}],"author":[{"embeddable":true,"href":"https:\/\/goerdeler.lspb.de\/wordpress\/wp-json\/wp\/v2\/users\/2"}],"replies":[{"embeddable":true,"href":"https:\/\/goerdeler.lspb.de\/wordpress\/wp-json\/wp\/v2\/comments?post=4603"}],"version-history":[{"count":34,"href":"https:\/\/goerdeler.lspb.de\/wordpress\/wp-json\/wp\/v2\/pages\/4603\/revisions"}],"predecessor-version":[{"id":16483,"href":"https:\/\/goerdeler.lspb.de\/wordpress\/wp-json\/wp\/v2\/pages\/4603\/revisions\/16483"}],"up":[{"embeddable":true,"href":"https:\/\/goerdeler.lspb.de\/wordpress\/wp-json\/wp\/v2\/pages\/4384"}],"wp:attachment":[{"href":"https:\/\/goerdeler.lspb.de\/wordpress\/wp-json\/wp\/v2\/media?parent=4603"}],"curies":[{"name":"wp","href":"https:\/\/api.w.org\/{rel}","templated":true}]}}